{"id":193,"date":"2025-06-23T11:10:42","date_gmt":"2025-06-23T09:10:42","guid":{"rendered":"https:\/\/industrialvision.pro\/?page_id=193"},"modified":"2025-06-23T11:10:43","modified_gmt":"2025-06-23T09:10:43","slug":"brief-sesji-fotograficznej","status":"publish","type":"page","link":"https:\/\/industrialvision.pro\/index.php\/brief-sesji-fotograficznej\/","title":{"rendered":"Brief sesji fotograficznej"},"content":{"rendered":"\n[et_pb_section fb_built=&#8221;1&#8243; admin_label=&#8221;Header&#8221; _builder_version=&#8221;4.20.0&#8243; _module_preset=&#8221;default&#8221; use_background_color_gradient=&#8221;on&#8221; background_color_gradient_stops=&#8221;rgba(34,34,34,0) 0%|gcid-1f9b0bb3-481a-49f1-9fe6-999fc3c3182b 100%&#8221; background_color_gradient_overlays_image=&#8221;on&#8221; background_image=&#8221;https:\/\/industrialvision.pro\/wp-content\/uploads\/2025\/06\/city-1.jpg&#8221; custom_padding=&#8221;90px||90px||true|false&#8221; locked=&#8221;off&#8221; collapsed=&#8221;on&#8221; global_colors_info=&#8221;{%22gcid-1f9b0bb3-481a-49f1-9fe6-999fc3c3182b%22:%91%22background_color_gradient_stops%22%93}&#8221; theme_builder_area=&#8221;post_content&#8221;][et_pb_row _builder_version=&#8221;4.20.0&#8243; _module_preset=&#8221;default&#8221; global_colors_info=&#8221;{}&#8221; theme_builder_area=&#8221;post_content&#8221;][et_pb_column type=&#8221;4_4&#8243; _builder_version=&#8221;4.20.0&#8243; _module_preset=&#8221;default&#8221; global_colors_info=&#8221;{}&#8221; theme_builder_area=&#8221;post_content&#8221;][et_pb_text _builder_version=&#8221;4.20.0&#8243; _module_preset=&#8221;71e6c5d9-e00f-42d2-a1db-ae7b56e67483&#8243; header_text_color=&#8221;#FFFFFF&#8221; text_orientation=&#8221;center&#8221; custom_margin=&#8221;||10px||false|false&#8221; global_colors_info=&#8221;{}&#8221; theme_builder_area=&#8221;post_content&#8221;]<h1>BRief sesji fotograficznej<\/h1>[\/et_pb_text][\/et_pb_column][\/et_pb_row][\/et_pb_section][et_pb_section fb_built=&#8221;1&#8243; admin_label=&#8221;Services&#8221; _builder_version=&#8221;4.20.0&#8243; _module_preset=&#8221;default&#8221; background_color=&#8221;RGBA(255,255,255,0)&#8221; custom_padding=&#8221;0px||||false|false&#8221; collapsed=&#8221;on&#8221; global_colors_info=&#8221;{}&#8221; theme_builder_area=&#8221;post_content&#8221;][et_pb_row custom_padding_last_edited=&#8221;on|phone&#8221; _builder_version=&#8221;4.20.0&#8243; _module_preset=&#8221;default&#8221; background_color=&#8221;gcid-86da69f8-ce43-4c42-8395-4abd58818e72&#8243; custom_margin=&#8221;-60px||||false|false&#8221; custom_padding=&#8221;60px|60px|60px|60px|true|true&#8221; custom_padding_tablet=&#8221;30px|30px|30px|30px|true|true&#8221; custom_padding_phone=&#8221;20px|20px|20px|20px|true|true&#8221; global_colors_info=&#8221;{%22gcid-86da69f8-ce43-4c42-8395-4abd58818e72%22:%91%22background_color%22%93}&#8221; theme_builder_area=&#8221;post_content&#8221;][et_pb_column type=&#8221;4_4&#8243; _builder_version=&#8221;4.20.0&#8243; _module_preset=&#8221;default&#8221; global_colors_info=&#8221;{}&#8221; theme_builder_area=&#8221;post_content&#8221;][et_pb_text _builder_version=&#8221;4.27.4&#8243; _module_preset=&#8221;bca4aeca-2634-4077-945d-d02ceb542760&#8243; hover_enabled=&#8221;0&#8243; global_colors_info=&#8221;{}&#8221; theme_builder_area=&#8221;post_content&#8221; sticky_enabled=&#8221;0&#8243;]<h4>Profesjonalna sesja fotograficzna w zak\u0142adzie produkcyjnym to doskona\u0142a okazja, aby pokaza\u0107 firm\u0119 z najlepszej strony \u2013 autentycznie, nowocze\u015bnie i jako\u015bciowo. Aby zdj\u0119cia w pe\u0142ni odda\u0142y potencja\u0142 i profesjonalizm przedsi\u0119biorstwa, nale\u017cy wskaza\u0107 cel sesji. Poni\u017cej znajd\u0105 Pa\u0144stwo kluczowe pytanie na kt\u00f3re nale\u017cy odpowiedzie\u0107 przed konsultacj\u0105.<\/h4>[\/et_pb_text][et_pb_image src=&#8221;https:\/\/industrialvision.pro\/wp-content\/uploads\/2025\/06\/city-34.jpg&#8221; title_text=&#8221;city-34&#8243; _builder_version=&#8221;4.20.0&#8243; _module_preset=&#8221;default&#8221; global_colors_info=&#8221;{}&#8221; theme_builder_area=&#8221;post_content&#8221;][\/et_pb_image][et_pb_text _builder_version=&#8221;4.27.4&#8243; _module_preset=&#8221;bca4aeca-2634-4077-945d-d02ceb542760&#8243; custom_margin=&#8221;||0px||false|false&#8221; hover_enabled=&#8221;0&#8243; global_colors_info=&#8221;{}&#8221; theme_builder_area=&#8221;post_content&#8221; sticky_enabled=&#8221;0&#8243;]<h4>1. Cel sesji fotograficznej<\/h4>[\/et_pb_text][et_pb_text _builder_version=&#8221;4.27.4&#8243; _module_preset=&#8221;f6969925-a506-4611-9476-a5f91cca5d11&#8243; hover_enabled=&#8221;0&#8243; global_colors_info=&#8221;{}&#8221; theme_builder_area=&#8221;post_content&#8221; sticky_enabled=&#8221;0&#8243;]<p>Jakie s\u0105 g\u0142\u00f3wne cele sesji? (np. prezentacja zak\u0142adu, pokazanie maszyn, dokumentacja procesu, zdj\u0119cia do oferty handlowej, employer branding)<\/p>[\/et_pb_text][et_pb_text _builder_version=&#8221;4.27.4&#8243; _module_preset=&#8221;bca4aeca-2634-4077-945d-d02ceb542760&#8243; custom_margin=&#8221;||0px||false|false&#8221; hover_enabled=&#8221;0&#8243; global_colors_info=&#8221;{}&#8221; theme_builder_area=&#8221;post_content&#8221; sticky_enabled=&#8221;0&#8243;]<h4>2. Zastosowanie zdj\u0119\u0107<\/h4>[\/et_pb_text][et_pb_text _builder_version=&#8221;4.27.4&#8243; _module_preset=&#8221;f6969925-a506-4611-9476-a5f91cca5d11&#8243; hover_enabled=&#8221;0&#8243; global_colors_info=&#8221;{}&#8221; theme_builder_area=&#8221;post_content&#8221; sticky_enabled=&#8221;0&#8243;]Gdzie b\u0119d\u0105 wykorzystywane zdj\u0119cia? (strona www, katalogi, social media, raporty roczne, reklamy, targi, prezentacje, og\u0142oszenia rekrutacyjne)[\/et_pb_text][et_pb_text _builder_version=&#8221;4.27.4&#8243; _module_preset=&#8221;bca4aeca-2634-4077-945d-d02ceb542760&#8243; custom_margin=&#8221;||0px||false|false&#8221; hover_enabled=&#8221;0&#8243; global_colors_info=&#8221;{}&#8221; theme_builder_area=&#8221;post_content&#8221; sticky_enabled=&#8221;0&#8243;]<h4>3. Grupa docelowa<\/h4>[\/et_pb_text][et_pb_text _builder_version=&#8221;4.27.4&#8243; _module_preset=&#8221;f6969925-a506-4611-9476-a5f91cca5d11&#8243; hover_enabled=&#8221;0&#8243; global_colors_info=&#8221;{}&#8221; theme_builder_area=&#8221;post_content&#8221; sticky_enabled=&#8221;0&#8243;]Do kogo maj\u0105 by\u0107 skierowane zdj\u0119cia? (klienci B2B, inwestorzy, partnerzy handlowi, kandydaci do pracy)[\/et_pb_text][et_pb_text _builder_version=&#8221;4.27.4&#8243; _module_preset=&#8221;bca4aeca-2634-4077-945d-d02ceb542760&#8243; custom_margin=&#8221;||0px||false|false&#8221; hover_enabled=&#8221;0&#8243; global_colors_info=&#8221;{}&#8221; theme_builder_area=&#8221;post_content&#8221; sticky_enabled=&#8221;0&#8243;]<h4>4. Zakres fotografowanych obszar\u00f3w<\/h4>[\/et_pb_text][et_pb_text _builder_version=&#8221;4.27.4&#8243; _module_preset=&#8221;f6969925-a506-4611-9476-a5f91cca5d11&#8243; hover_enabled=&#8221;0&#8243; global_colors_info=&#8221;{}&#8221; theme_builder_area=&#8221;post_content&#8221; sticky_enabled=&#8221;0&#8243;]Jakie lokalizacje i dzia\u0142y maj\u0105 by\u0107 uwzgl\u0119dnione? (linie produkcyjne, maszyny, hala, biura, strefy magazynowe, budowa, detale produkt\u00f3w)[\/et_pb_text][et_pb_text _builder_version=&#8221;4.27.4&#8243; _module_preset=&#8221;bca4aeca-2634-4077-945d-d02ceb542760&#8243; custom_margin=&#8221;||0px||false|false&#8221; hover_enabled=&#8221;0&#8243; global_colors_info=&#8221;{}&#8221; theme_builder_area=&#8221;post_content&#8221; sticky_enabled=&#8221;0&#8243;]<h4>5. Rodzaj zdj\u0119\u0107<\/h4>[\/et_pb_text][et_pb_text _builder_version=&#8221;4.27.4&#8243; _module_preset=&#8221;f6969925-a506-4611-9476-a5f91cca5d11&#8243; hover_enabled=&#8221;0&#8243; global_colors_info=&#8221;{}&#8221; theme_builder_area=&#8221;post_content&#8221; sticky_enabled=&#8221;0&#8243;]<p>Jakie uj\u0119cia s\u0105 potrzebne?<br \/>&#8211; Zdj\u0119cia og\u00f3lne (hale, przestrzenie)<br \/>&#8211; Zdj\u0119cia detali technicznych<br \/>&#8211; Procesy produkcyjne w trakcie pracy<br \/>&#8211; Portrety pracownik\u00f3w<br \/>&#8211; Zdj\u0119cia maszyn w ruchu<br \/>&#8211; Zdj\u0119cia z drona<\/p>[\/et_pb_text][et_pb_text _builder_version=&#8221;4.27.4&#8243; _module_preset=&#8221;bca4aeca-2634-4077-945d-d02ceb542760&#8243; custom_margin=&#8221;||0px||false|false&#8221; hover_enabled=&#8221;0&#8243; global_colors_info=&#8221;{}&#8221; theme_builder_area=&#8221;post_content&#8221; sticky_enabled=&#8221;0&#8243;]<h4>6. Preferowany styl fotografii<\/h4>[\/et_pb_text][et_pb_text _builder_version=&#8221;4.27.4&#8243; _module_preset=&#8221;f6969925-a506-4611-9476-a5f91cca5d11&#8243; hover_enabled=&#8221;0&#8243; global_colors_info=&#8221;{}&#8221; theme_builder_area=&#8221;post_content&#8221; sticky_enabled=&#8221;0&#8243;]Jaki klimat zdj\u0119\u0107 preferujecie?\n&#8211; Naturalny, realistyczny\n&#8211; Nowoczesny, dynamiczny\n&#8211; Surowy, przemys\u0142owy\n&#8211; Artystyczny, z efektem \u015bwiat\u0142a i cienia[\/et_pb_text][et_pb_text _builder_version=&#8221;4.27.4&#8243; _module_preset=&#8221;bca4aeca-2634-4077-945d-d02ceb542760&#8243; custom_margin=&#8221;||0px||false|false&#8221; hover_enabled=&#8221;0&#8243; global_colors_info=&#8221;{}&#8221; theme_builder_area=&#8221;post_content&#8221; sticky_enabled=&#8221;0&#8243;]<h4>7. Oczekiwany termin realizacji sesji<\/h4>[\/et_pb_text][et_pb_text _builder_version=&#8221;4.27.4&#8243; _module_preset=&#8221;f6969925-a506-4611-9476-a5f91cca5d11&#8243; hover_enabled=&#8221;0&#8243; global_colors_info=&#8221;{}&#8221; theme_builder_area=&#8221;post_content&#8221; sticky_enabled=&#8221;0&#8243;]Jakie s\u0105 ramy czasowe realizacji sesji?\nCzy sesja musi by\u0107 realizowana w okre\u015blonych godzinach (np. podczas pracy, po godzinach produkcyjnych, w weekend)?[\/et_pb_text][et_pb_text _builder_version=&#8221;4.27.4&#8243; _module_preset=&#8221;bca4aeca-2634-4077-945d-d02ceb542760&#8243; custom_margin=&#8221;||0px||false|false&#8221; hover_enabled=&#8221;0&#8243; global_colors_info=&#8221;{}&#8221; theme_builder_area=&#8221;post_content&#8221; sticky_enabled=&#8221;0&#8243;]<h4>8. Dodatkowe elementy<\/h4>[\/et_pb_text][et_pb_text _builder_version=&#8221;4.27.4&#8243; _module_preset=&#8221;f6969925-a506-4611-9476-a5f91cca5d11&#8243; hover_enabled=&#8221;0&#8243; global_colors_info=&#8221;{}&#8221; theme_builder_area=&#8221;post_content&#8221; sticky_enabled=&#8221;0&#8243;]Czy firma posiada wewn\u0119trzne procedury BHP, kt\u00f3re fotograf musi zna\u0107?\nCzy planowane s\u0105 zdj\u0119cia z udzia\u0142em os\u00f3b trzecich lub klient\u00f3w?\nCzy klient udost\u0119pnia odzie\u017c robocz\u0105, czy fotograf powinien j\u0105 zapewni\u0107?[\/et_pb_text][et_pb_text _builder_version=&#8221;4.27.4&#8243; _module_preset=&#8221;bca4aeca-2634-4077-945d-d02ceb542760&#8243; custom_margin=&#8221;||0px||false|false&#8221; hover_enabled=&#8221;0&#8243; global_colors_info=&#8221;{}&#8221; theme_builder_area=&#8221;post_content&#8221; sticky_enabled=&#8221;0&#8243;]<h4>9. Bud\u017cet i zakres us\u0142ug<\/h4>[\/et_pb_text][et_pb_text _builder_version=&#8221;4.27.4&#8243; _module_preset=&#8221;f6969925-a506-4611-9476-a5f91cca5d11&#8243; hover_enabled=&#8221;0&#8243; global_colors_info=&#8221;{}&#8221; theme_builder_area=&#8221;post_content&#8221; sticky_enabled=&#8221;0&#8243;]Czy opr\u00f3cz zdj\u0119\u0107 klient oczekuje:\nObr\u00f3bki graficznej?\nPrzygotowania zdj\u0119\u0107 do druku?\nTworzenia galerii online lub materia\u0142\u00f3w dodatkowych (np. baner\u00f3w)?[\/et_pb_text][et_pb_text _builder_version=&#8221;4.27.4&#8243; _module_preset=&#8221;bca4aeca-2634-4077-945d-d02ceb542760&#8243; custom_margin=&#8221;||0px||false|false&#8221; hover_enabled=&#8221;0&#8243; global_colors_info=&#8221;{}&#8221; theme_builder_area=&#8221;post_content&#8221; sticky_enabled=&#8221;0&#8243;]<h4>10. Dodatkowe uwagi lub oczekiwania<\/h4>[\/et_pb_text][et_pb_text _builder_version=&#8221;4.27.4&#8243; _module_preset=&#8221;f6969925-a506-4611-9476-a5f91cca5d11&#8243; hover_enabled=&#8221;0&#8243; global_colors_info=&#8221;{}&#8221; theme_builder_area=&#8221;post_content&#8221; sticky_enabled=&#8221;0&#8243;]Czy s\u0105 elementy, kt\u00f3re szczeg\u00f3lnie nale\u017cy pokaza\u0107 lub kt\u00f3rych nie wolno fotografowa\u0107?\nCzy firma ma w\u0142asne wytyczne dotycz\u0105ce wizerunku, brandingu, kolorystyki?[\/et_pb_text][\/et_pb_column][\/et_pb_row][\/et_pb_section][et_pb_section fb_built=&#8221;1&#8243; admin_label=&#8221;Footer&#8221; _builder_version=&#8221;4.20.0&#8243; _module_preset=&#8221;default&#8221; background_color=&#8221;gcid-922f8e05-0af6-48a7-8ba4-9a77f0c7dbee&#8221; saved_tabs=&#8221;all&#8221; collapsed=&#8221;on&#8221; global_colors_info=&#8221;{%22gcid-922f8e05-0af6-48a7-8ba4-9a77f0c7dbee%22:%91%22background_color%22%93}&#8221; global_module=&#8221;122&#8243; theme_builder_area=&#8221;post_content&#8221;][et_pb_row column_structure=&#8221;1_3,1_3,1_3&#8243; _builder_version=&#8221;4.20.0&#8243; _module_preset=&#8221;default&#8221; global_colors_info=&#8221;{}&#8221; theme_builder_area=&#8221;post_content&#8221;][et_pb_column type=&#8221;1_3&#8243; _builder_version=&#8221;4.20.0&#8243; _module_preset=&#8221;default&#8221; global_colors_info=&#8221;{}&#8221; theme_builder_area=&#8221;post_content&#8221;][et_pb_image src=&#8221;https:\/\/industrialvision.pro\/wp-content\/uploads\/2025\/06\/logo_biale-1024&#215;284.png&#8221; title_text=&#8221;logo_biale&#8221; _builder_version=&#8221;4.27.4&#8243; _module_preset=&#8221;default&#8221; global_colors_info=&#8221;{}&#8221; theme_builder_area=&#8221;post_content&#8221;][\/et_pb_image][\/et_pb_column][et_pb_column type=&#8221;1_3&#8243; _builder_version=&#8221;4.20.0&#8243; _module_preset=&#8221;default&#8221; global_colors_info=&#8221;{}&#8221; theme_builder_area=&#8221;post_content&#8221;][et_pb_text _builder_version=&#8221;4.27.4&#8243; _module_preset=&#8221;f521c737-96bf-404e-abc8-04aa2f2b10d0&#8243; text_text_color=&#8221;#FFFFFF&#8221; custom_margin=&#8221;10px||10px||false|false&#8221; link_option_url=&#8221;tel:516133176&#8243; global_colors_info=&#8221;{}&#8221; theme_builder_area=&#8221;post_content&#8221;]<p style=\"text-align: center;\">KONTAKT<br \/>tel.: 516 133 176<br \/>biuro@industrialvision.pro<\/p>[\/et_pb_text][\/et_pb_column][et_pb_column type=&#8221;1_3&#8243; _builder_version=&#8221;4.20.0&#8243; _module_preset=&#8221;default&#8221; global_colors_info=&#8221;{}&#8221; theme_builder_area=&#8221;post_content&#8221;][et_pb_social_media_follow _builder_version=&#8221;4.27.4&#8243; _module_preset=&#8221;default&#8221; text_orientation=&#8221;center&#8221; custom_margin=&#8221;30px||||false|false&#8221; global_colors_info=&#8221;{}&#8221; theme_builder_area=&#8221;post_content&#8221;][et_pb_social_media_follow_network social_network=&#8221;facebook&#8221; _builder_version=&#8221;4.20.0&#8243; _module_preset=&#8221;default&#8221; global_colors_info=&#8221;{}&#8221; theme_builder_area=&#8221;post_content&#8221; follow_button=&#8221;off&#8221; url_new_window=&#8221;on&#8221;]facebook[\/et_pb_social_media_follow_network][et_pb_social_media_follow_network social_network=&#8221;twitter&#8221; _builder_version=&#8221;4.20.0&#8243; _module_preset=&#8221;default&#8221; background_color=&#8221;RGBA(255,255,255,0)&#8221; background_enable_color=&#8221;on&#8221; global_colors_info=&#8221;{}&#8221; theme_builder_area=&#8221;post_content&#8221; follow_button=&#8221;off&#8221; url_new_window=&#8221;on&#8221;]twitter[\/et_pb_social_media_follow_network][et_pb_social_media_follow_network social_network=&#8221;instagram&#8221; _builder_version=&#8221;4.20.0&#8243; _module_preset=&#8221;default&#8221; background_color=&#8221;RGBA(255,255,255,0)&#8221; background_enable_color=&#8221;on&#8221; global_colors_info=&#8221;{}&#8221; theme_builder_area=&#8221;post_content&#8221; follow_button=&#8221;off&#8221; url_new_window=&#8221;on&#8221;]instagram[\/et_pb_social_media_follow_network][et_pb_social_media_follow_network social_network=&#8221;linkedin&#8221; _builder_version=&#8221;4.20.0&#8243; _module_preset=&#8221;default&#8221; global_colors_info=&#8221;{}&#8221; theme_builder_area=&#8221;post_content&#8221; follow_button=&#8221;off&#8221; url_new_window=&#8221;on&#8221;]linkedin[\/et_pb_social_media_follow_network][\/et_pb_social_media_follow][\/et_pb_column][\/et_pb_row][\/et_pb_section]\n","protected":false},"excerpt":{"rendered":"<p>BRief sesji fotograficznejProfesjonalna sesja fotograficzna w zak\u0142adzie produkcyjnym to doskona\u0142a okazja, aby pokaza\u0107 firm\u0119 z najlepszej strony \u2013 autentycznie, nowocze\u015bnie i jako\u015bciowo. Aby zdj\u0119cia w pe\u0142ni odda\u0142y potencja\u0142 i profesjonalizm przedsi\u0119biorstwa, nale\u017cy wskaza\u0107 cel sesji. Poni\u017cej znajd\u0105 Pa\u0144stwo kluczowe pytanie na kt\u00f3re nale\u017cy odpowiedzie\u0107 przed konsultacj\u0105.1. Cel sesji fotograficznejJakie s\u0105 g\u0142\u00f3wne cele sesji? (np. prezentacja [&hellip;]<\/p>\n","protected":false},"author":1,"featured_media":0,"parent":0,"menu_order":0,"comment_status":"closed","ping_status":"closed","template":"","meta":{"_et_pb_use_builder":"on","_et_pb_old_content":"","_et_gb_content_width":"","footnotes":""},"class_list":["post-193","page","type-page","status-publish","hentry"],"_links":{"self":[{"href":"https:\/\/industrialvision.pro\/index.php\/wp-json\/wp\/v2\/pages\/193","targetHints":{"allow":["GET"]}}],"collection":[{"href":"https:\/\/industrialvision.pro\/index.php\/wp-json\/wp\/v2\/pages"}],"about":[{"href":"https:\/\/industrialvision.pro\/index.php\/wp-json\/wp\/v2\/types\/page"}],"author":[{"embeddable":true,"href":"https:\/\/industrialvision.pro\/index.php\/wp-json\/wp\/v2\/users\/1"}],"replies":[{"embeddable":true,"href":"https:\/\/industrialvision.pro\/index.php\/wp-json\/wp\/v2\/comments?post=193"}],"version-history":[{"count":3,"href":"https:\/\/industrialvision.pro\/index.php\/wp-json\/wp\/v2\/pages\/193\/revisions"}],"predecessor-version":[{"id":197,"href":"https:\/\/industrialvision.pro\/index.php\/wp-json\/wp\/v2\/pages\/193\/revisions\/197"}],"wp:attachment":[{"href":"https:\/\/industrialvision.pro\/index.php\/wp-json\/wp\/v2\/media?parent=193"}],"curies":[{"name":"wp","href":"https:\/\/api.w.org\/{rel}","templated":true}]}}